{"id":4830,"date":"2022-05-10T22:29:26","date_gmt":"2022-05-10T20:29:26","guid":{"rendered":"https:\/\/clinicadrrull.com\/team\/marta-perez-rodenas\/"},"modified":"2022-05-10T22:42:35","modified_gmt":"2022-05-10T20:42:35","slug":"marta-perez-rodenas","status":"publish","type":"team","link":"https:\/\/clinicadrrull.com\/en\/team\/marta-perez-rodenas\/","title":{"rendered":"Marta Perez R\u00f3denas"},"content":{"rendered":"\t\t<div data-elementor-type=\"wp-post\" data-elementor-id=\"4830\" class=\"elementor elementor-4830 elementor-320\" data-elementor-post-type=\"team\">\n\t\t\t\t\t\t<section class=\"elementor-section elementor-top-section elementor-element elementor-element-fe7e620 elementor-section-boxed elementor-section-height-default elementor-section-height-default\" data-id=\"fe7e620\" data-element_type=\"section\" data-e-type=\"section\">\n\t\t\t\t\t\t<div class=\"elementor-container elementor-column-gap-default\">\n\t\t\t\t\t<div class=\"elementor-column elementor-col-100 elementor-top-column elementor-element elementor-element-bd195ec\" data-id=\"bd195ec\" data-element_type=\"column\" data-e-type=\"column\">\n\t\t\t<div class=\"elementor-widget-wrap elementor-element-populated\">\n\t\t\t\t\t\t<div class=\"elementor-element elementor-element-d74b232 elementor-widget elementor-widget-text-editor\" data-id=\"d74b232\" data-element_type=\"widget\" data-e-type=\"widget\" data-widget_type=\"text-editor.default\">\n\t\t\t\t\t\t\t\t\t<p>La doctora Marta P\u00e9rez Rodenas es \u00abLicenciada en Odontolog\u00eda\u00bb por la Universitat de Valencia desde el a\u00f1o 2009.<\/p><p>Ha trabajado en distintas especialidades durante sus primeros a\u00f1os de profesi\u00f3n, tanto en paciente adulto, como en paciente pedi\u00e1trico. Estos \u00faltimos a\u00f1os ha decidido dedicarse por completo al paciente infantil, su mayor vocaci\u00f3n, para poder ofrecer un tratamiento integral a los problemas bucodentales y dentomaxilofaciales de <strong>bebes, ni\u00f1os y adolescentes<\/strong>.<\/p>\t\t\t\t\t\t\t\t<\/div>\n\t\t\t\t\t<\/div>\n\t\t<\/div>\n\t\t\t\t\t<\/div>\n\t\t<\/section>\n\t\t\t\t<section class=\"elementor-section elementor-top-section elementor-element elementor-element-72de91f elementor-section-boxed elementor-section-height-default elementor-section-height-default\" data-id=\"72de91f\" data-element_type=\"section\" data-e-type=\"section\">\n\t\t\t\t\t\t<div class=\"elementor-container elementor-column-gap-default\">\n\t\t\t\t\t<div class=\"elementor-column elementor-col-100 elementor-top-column elementor-element elementor-element-074a0c7\" data-id=\"074a0c7\" data-element_type=\"column\" data-e-type=\"column\">\n\t\t\t<div class=\"elementor-widget-wrap elementor-element-populated\">\n\t\t\t\t\t\t<div class=\"elementor-element elementor-element-cf8b877 elementor-widget elementor-widget-spacer\" data-id=\"cf8b877\" data-element_type=\"widget\" data-e-type=\"widget\" data-widget_type=\"spacer.default\">\n\t\t\t\t\t\t\t<div class=\"elementor-spacer\">\n\t\t\t<div class=\"elementor-spacer-inner\"><\/div>\n\t\t<\/div>\n\t\t\t\t\t\t<\/div>\n\t\t\t\t\t<\/div>\n\t\t<\/div>\n\t\t\t\t\t<\/div>\n\t\t<\/section>\n\t\t\t\t<section class=\"elementor-section elementor-top-section elementor-element elementor-element-1f1bb3e elementor-section-boxed elementor-section-height-default elementor-section-height-default\" data-id=\"1f1bb3e\" data-element_type=\"section\" data-e-type=\"section\">\n\t\t\t\t\t\t<div class=\"elementor-container elementor-column-gap-extended\">\n\t\t\t\t\t<div class=\"elementor-column elementor-col-50 elementor-top-column elementor-element elementor-element-d49a978\" data-id=\"d49a978\" data-element_type=\"column\" data-e-type=\"column\">\n\t\t\t<div class=\"elementor-widget-wrap elementor-element-populated\">\n\t\t\t\t\t\t<div class=\"elementor-element elementor-element-f1ccb94 elementor-widget elementor-widget-heading\" data-id=\"f1ccb94\" data-element_type=\"widget\" data-e-type=\"widget\" data-widget_type=\"heading.default\">\n\t\t\t\t\t<h4 class=\"elementor-heading-title elementor-size-default\">Biograf\u00eda<\/h4>\t\t\t\t<\/div>\n\t\t\t\t<div class=\"elementor-element elementor-element-67cc2d4 elementor-widget elementor-widget-spacer\" data-id=\"67cc2d4\" data-element_type=\"widget\" data-e-type=\"widget\" data-widget_type=\"spacer.default\">\n\t\t\t\t\t\t\t<div class=\"elementor-spacer\">\n\t\t\t<div class=\"elementor-spacer-inner\"><\/div>\n\t\t<\/div>\n\t\t\t\t\t\t<\/div>\n\t\t\t\t<div class=\"elementor-element elementor-element-00d489a elementor-widget elementor-widget-text-editor\" data-id=\"00d489a\" data-element_type=\"widget\" data-e-type=\"widget\" data-widget_type=\"text-editor.default\">\n\t\t\t\t\t\t\t\t\t<p>Ha sido la pionera en el tratamiento de caries de beb\u00e9s sin necesidad de anestesia general contando con instalaciones adaptadas con <strong>\u00f3xido nitroso<\/strong> en Ibiza para controlar la ansiedad dental para aquellos pacientes que lo requieren. Esto le ha permitido abordar casos que hasta hace poco, por su complejidad, deb\u00edan ser derivados a centros fuera de la isla.<\/p><p>Nacida en Valencia, vive en Ibiza desde 2011. Trabaja en distintas cl\u00ednicas, pero la mayor parte de su tiempo lo dedica en la \u00abCl\u00ednica Dr. Rull\u00bb donde realiza los tratamientos de beb\u00e9s y los de mayor complejidad.<\/p>\t\t\t\t\t\t\t\t<\/div>\n\t\t\t\t\t<\/div>\n\t\t<\/div>\n\t\t\t\t<div class=\"elementor-column elementor-col-50 elementor-top-column elementor-element elementor-element-3c38d94\" data-id=\"3c38d94\" data-element_type=\"column\" data-e-type=\"column\">\n\t\t\t<div class=\"elementor-widget-wrap elementor-element-populated\">\n\t\t\t\t\t\t<div class=\"elementor-element elementor-element-095c972 elementor-widget elementor-widget-heading\" data-id=\"095c972\" data-element_type=\"widget\" data-e-type=\"widget\" data-widget_type=\"heading.default\">\n\t\t\t\t\t<h4 class=\"elementor-heading-title elementor-size-default\">Formaci\u00f3n<\/h4>\t\t\t\t<\/div>\n\t\t\t\t<div class=\"elementor-element elementor-element-5ca831d elementor-widget elementor-widget-spacer\" data-id=\"5ca831d\" data-element_type=\"widget\" data-e-type=\"widget\" data-widget_type=\"spacer.default\">\n\t\t\t\t\t\t\t<div class=\"elementor-spacer\">\n\t\t\t<div class=\"elementor-spacer-inner\"><\/div>\n\t\t<\/div>\n\t\t\t\t\t\t<\/div>\n\t\t\t\t<div class=\"elementor-element elementor-element-5ddab3c elementor-widget elementor-widget-text-editor\" data-id=\"5ddab3c\" data-element_type=\"widget\" data-e-type=\"widget\" data-widget_type=\"text-editor.default\">\n\t\t\t\t\t\t\t\t\t<p>Durante estos a\u00f1os ha cursado distintos m\u00e1steres y especialidades:<\/p><ul class=\"medify_plus\"><li>\u00abEspecialista en <strong>Odontopediatr\u00eda<\/strong>\u00bb por la UIC.<\/li><li>\u00abM\u00e1ster en <strong>Ortodoncia y Ortopedia dentomaxilofacial<\/strong>\u00bb por la Universidad Pontificia de Salamanca.<\/li><li>\u00ab<strong>Sedaci\u00f3n<\/strong> consciente inhalatoria\u00bb por ICGCOE.<\/li><\/ul>\t\t\t\t\t\t\t\t<\/div>\n\t\t\t\t\t<\/div>\n\t\t<\/div>\n\t\t\t\t\t<\/div>\n\t\t<\/section>\n\t\t\t\t<section class=\"elementor-section elementor-top-section elementor-element elementor-element-a48d86f elementor-section-boxed elementor-section-height-default elementor-section-height-default\" data-id=\"a48d86f\" data-element_type=\"section\" data-e-type=\"section\">\n\t\t\t\t\t\t<div class=\"elementor-container elementor-column-gap-default\">\n\t\t\t\t\t<div class=\"elementor-column elementor-col-100 elementor-top-column elementor-element elementor-element-0811b42\" data-id=\"0811b42\" data-element_type=\"column\" data-e-type=\"column\">\n\t\t\t<div class=\"elementor-widget-wrap elementor-element-populated\">\n\t\t\t\t\t\t<div class=\"elementor-element elementor-element-460819d elementor-widget elementor-widget-spacer\" data-id=\"460819d\" data-element_type=\"widget\" data-e-type=\"widget\" data-widget_type=\"spacer.default\">\n\t\t\t\t\t\t\t<div class=\"elementor-spacer\">\n\t\t\t<div class=\"elementor-spacer-inner\"><\/div>\n\t\t<\/div>\n\t\t\t\t\t\t<\/div>\n\t\t\t\t\t<\/div>\n\t\t<\/div>\n\t\t\t\t\t<\/div>\n\t\t<\/section>\n\t\t\t\t<section class=\"elementor-section elementor-top-section elementor-element elementor-element-fee764a elementor-section-boxed elementor-section-height-default elementor-section-height-default\" data-id=\"fee764a\" data-element_type=\"section\" data-e-type=\"section\" data-settings=\"{&quot;background_background&quot;:&quot;classic&quot;}\">\n\t\t\t\t\t\t\t<div class=\"elementor-background-overlay\"><\/div>\n\t\t\t\t\t\t\t<div class=\"elementor-container elementor-column-gap-default\">\n\t\t\t\t\t<div class=\"elementor-column elementor-col-100 elementor-top-column elementor-element elementor-element-ab8ab37\" data-id=\"ab8ab37\" data-element_type=\"column\" data-e-type=\"column\">\n\t\t\t<div class=\"elementor-widget-wrap elementor-element-populated\">\n\t\t\t\t\t\t<div class=\"elementor-element elementor-element-29c6a55 elementor-widget elementor-widget-heading\" data-id=\"29c6a55\" data-element_type=\"widget\" data-e-type=\"widget\" data-widget_type=\"heading.default\">\n\t\t\t\t\t<h4 class=\"elementor-heading-title elementor-size-default\">Cont\u00e1ctanos\u200b<\/h4>\t\t\t\t<\/div>\n\t\t\t\t<div class=\"elementor-element elementor-element-217436a elementor-widget elementor-widget-spacer\" data-id=\"217436a\" data-element_type=\"widget\" data-e-type=\"widget\" data-widget_type=\"spacer.default\">\n\t\t\t\t\t\t\t<div class=\"elementor-spacer\">\n\t\t\t<div class=\"elementor-spacer-inner\"><\/div>\n\t\t<\/div>\n\t\t\t\t\t\t<\/div>\n\t\t\t\t<div class=\"elementor-element elementor-element-86d8d4e elementor-widget elementor-widget-text-editor\" data-id=\"86d8d4e\" data-element_type=\"widget\" data-e-type=\"widget\" data-widget_type=\"text-editor.default\">\n\t\t\t\t\t\t\t\t\t\n<div class=\"wpcf7 no-js\" id=\"wpcf7-f241-o1\" lang=\"es-ES\" dir=\"ltr\" data-wpcf7-id=\"241\">\n<div class=\"screen-reader-response\"><p role=\"status\" aria-live=\"polite\" aria-atomic=\"true\"><\/p> <ul><\/ul><\/div>\n<form action=\"\/en\/wp-json\/wp\/v2\/team\/4830#wpcf7-f241-o1\" method=\"post\" class=\"wpcf7-form init\" aria-label=\"Formulario de contacto\" novalidate=\"novalidate\" data-status=\"init\">\n<fieldset class=\"hidden-fields-container\"><input type=\"hidden\" name=\"_wpcf7\" value=\"241\" \/><input type=\"hidden\" name=\"_wpcf7_version\" value=\"6.1.4\" \/><input type=\"hidden\" name=\"_wpcf7_locale\" value=\"es_ES\" \/><input type=\"hidden\" name=\"_wpcf7_unit_tag\" value=\"wpcf7-f241-o1\" \/><input type=\"hidden\" name=\"_wpcf7_container_post\" value=\"0\" \/><input type=\"hidden\" name=\"_wpcf7_posted_data_hash\" value=\"\" \/><input type=\"hidden\" name=\"_wpcf7_recaptcha_response\" value=\"\" \/>\n<\/fieldset>\n<div class='row choose-1'>\n<div class='wgl_col-6'>\n<span class=\"wpcf7-form-control-wrap\" data-name=\"nombre\"><input size=\"40\" maxlength=\"400\" class=\"wpcf7-form-control wpcf7-text\" aria-invalid=\"false\" placeholder=\"Tu nombre completo *\" value=\"\" type=\"text\" name=\"nombre\" \/><\/span>\n<\/div>\n<div class='wgl_col-6'>\n<span class=\"wpcf7-form-control-wrap\" data-name=\"telrull\"><input size=\"40\" maxlength=\"400\" class=\"wpcf7-form-control wpcf7-tel wpcf7-validates-as-required wpcf7-text wpcf7-validates-as-tel\" aria-required=\"true\" aria-invalid=\"false\" placeholder=\"Tu n\u00famero de tel\u00e9fono\" value=\"\" type=\"tel\" name=\"telrull\" \/><\/span>\n<\/div>\n<div class='wgl_col-6'>\n<span class=\"wpcf7-form-control-wrap\" data-name=\"email-613\"><input size=\"40\" maxlength=\"400\" class=\"wpcf7-form-control wpcf7-email wpcf7-validates-as-required wpcf7-text wpcf7-validates-as-email\" aria-required=\"true\" aria-invalid=\"false\" placeholder=\"Tu correo electr\u00f3nico *\" value=\"\" type=\"email\" name=\"email-613\" \/><\/span>\n<\/div>\n<div class='wgl_col-6'>\n<span class=\"wpcf7-form-control-wrap\" data-name=\"motivo-consulta\"><select class=\"wpcf7-form-control wpcf7-select\" aria-invalid=\"false\" name=\"motivo-consulta\"><option value=\"\u00bfMotivo de tu visita?\">\u00bfMotivo de tu visita?<\/option><option value=\"Primera visita\">Primera visita<\/option><option value=\"Valoraci\u00f3n para ortodoncia\">Valoraci\u00f3n para ortodoncia<\/option><option value=\"Necesito un implante\">Necesito un implante<\/option><option value=\"Quiero un blanqueamiento dental\">Quiero un blanqueamiento dental<\/option><option value=\"Visita a la odontopediatr\u00eda\">Visita a la odontopediatr\u00eda<\/option><option value=\"Higiene dental y revisi\u00f3n anual\">Higiene dental y revisi\u00f3n anual<\/option><option value=\"Me sangran las enc\u00edas\">Me sangran las enc\u00edas<\/option><option value=\"Tengo dolor\">Tengo dolor<\/option><option value=\"Otro\">Otro<\/option><\/select><\/span>\n<\/div>\n<div class='wgl_col-12'>\n<span class=\"wpcf7-form-control-wrap\" data-name=\"comentario\"><input size=\"40\" maxlength=\"400\" class=\"wpcf7-form-control wpcf7-text\" aria-invalid=\"false\" placeholder=\"\u00bfAlg\u00fan comentario que desees hacer? *\" value=\"\" type=\"text\" name=\"comentario\" \/><\/span>\n<\/div>\n<div class='wgl_col-12'>\n<input class=\"wpcf7-form-control wpcf7-submit has-spinner\" type=\"submit\" value=\"Solicitar mi cita\" \/>\n<\/div>\n<\/div><div class=\"wpcf7-response-output\" aria-hidden=\"true\"><\/div>\n<\/form>\n<\/div>\n\t\t\t\t\t\t\t\t<\/div>\n\t\t\t\t\t<\/div>\n\t\t<\/div>\n\t\t\t\t\t<\/div>\n\t\t<\/section>\n\t\t\t\t<section class=\"elementor-section elementor-top-section elementor-element elementor-element-10c94ab elementor-section-stretched elementor-section-full_width elementor-section-height-default elementor-section-height-default\" data-id=\"10c94ab\" data-element_type=\"section\" data-e-type=\"section\" data-settings=\"{&quot;stretch_section&quot;:&quot;section-stretched&quot;,&quot;background_background&quot;:&quot;classic&quot;}\">\n\t\t\t\t\t\t<div class=\"elementor-container elementor-column-gap-no\">\n\t\t\t\t\t<div class=\"elementor-column elementor-col-100 elementor-top-column elementor-element elementor-element-6bc145b\" data-id=\"6bc145b\" data-element_type=\"column\" data-e-type=\"column\">\n\t\t\t<div class=\"elementor-widget-wrap elementor-element-populated\">\n\t\t\t\t\t\t<div class=\"elementor-element elementor-element-05f49af elementor-widget elementor-widget-spacer\" data-id=\"05f49af\" data-element_type=\"widget\" data-e-type=\"widget\" data-widget_type=\"spacer.default\">\n\t\t\t\t\t\t\t<div class=\"elementor-spacer\">\n\t\t\t<div class=\"elementor-spacer-inner\"><\/div>\n\t\t<\/div>\n\t\t\t\t\t\t<\/div>\n\t\t\t\t\t<\/div>\n\t\t<\/div>\n\t\t\t\t\t<\/div>\n\t\t<\/section>\n\t\t\t\t<\/div>\n\t\t","protected":false},"excerpt":{"rendered":"<p>La doctora Marta P\u00e9rez Rodenas es \u00abLicenciada en Odontolog\u00eda\u00bb por la Universitat de Valencia desde el a\u00f1o 2009. Ha trabajado en distintas especialidades durante sus primeros a\u00f1os de profesi\u00f3n, tanto en paciente adulto, como en paciente pedi\u00e1trico. Estos \u00faltimos a\u00f1os ha decidido dedicarse por completo al paciente infantil, su mayor vocaci\u00f3n, para poder ofrecer un [&hellip;]<\/p>\n","protected":false},"featured_media":3596,"menu_order":0,"template":"","team_category":[],"class_list":["post-4830","team","type-team","status-publish","has-post-thumbnail","hentry"],"yoast_head":"<!-- This site is optimized with the Yoast SEO plugin v27.4 - https:\/\/yoast.com\/product\/yoast-seo-wordpress\/ -->\n<title>Marta Perez R\u00f3denas - Cl\u00ednica Dr. Rull<\/title>\n<meta name=\"robots\" content=\"index, follow, max-snippet:-1, max-image-preview:large, max-video-preview:-1\" \/>\n<link rel=\"canonical\" href=\"https:\/\/clinicadrrull.com\/team\/marta-perez-rodenas\/\" \/>\n<meta property=\"og:locale\" content=\"en_US\" \/>\n<meta property=\"og:type\" content=\"article\" \/>\n<meta property=\"og:title\" content=\"Marta Perez R\u00f3denas - Cl\u00ednica Dr. Rull\" \/>\n<meta property=\"og:description\" content=\"La doctora Marta P\u00e9rez Rodenas es \u00abLicenciada en Odontolog\u00eda\u00bb por la Universitat de Valencia desde el a\u00f1o 2009. Ha trabajado en distintas especialidades durante sus primeros a\u00f1os de profesi\u00f3n, tanto en paciente adulto, como en paciente pedi\u00e1trico. Estos \u00faltimos a\u00f1os ha decidido dedicarse por completo al paciente infantil, su mayor vocaci\u00f3n, para poder ofrecer un [&hellip;]\" \/>\n<meta property=\"og:url\" content=\"https:\/\/clinicadrrull.com\/team\/marta-perez-rodenas\/\" \/>\n<meta property=\"og:site_name\" content=\"Cl\u00ednica Dr. Rull\" \/>\n<meta property=\"article:modified_time\" content=\"2022-05-10T20:42:35+00:00\" \/>\n<meta property=\"og:image\" content=\"https:\/\/clinicadrrull.com\/wp-content\/uploads\/2019\/08\/Marta-Perez.jpg\" \/>\n\t<meta property=\"og:image:width\" content=\"1080\" \/>\n\t<meta property=\"og:image:height\" content=\"1080\" \/>\n\t<meta property=\"og:image:type\" content=\"image\/jpeg\" \/>\n<meta name=\"twitter:card\" content=\"summary_large_image\" \/>\n<meta name=\"twitter:label1\" content=\"Est. reading time\" \/>\n\t<meta name=\"twitter:data1\" content=\"1 minute\" \/>\n<script type=\"application\/ld+json\" class=\"yoast-schema-graph\">{\"@context\":\"https:\\\/\\\/schema.org\",\"@graph\":[{\"@type\":\"WebPage\",\"@id\":\"https:\\\/\\\/clinicadrrull.com\\\/team\\\/marta-perez-rodenas\\\/\",\"url\":\"https:\\\/\\\/clinicadrrull.com\\\/team\\\/marta-perez-rodenas\\\/\",\"name\":\"Marta Perez R\u00f3denas - Cl\u00ednica Dr. Rull\",\"isPartOf\":{\"@id\":\"https:\\\/\\\/clinicadrrull.com\\\/#website\"},\"primaryImageOfPage\":{\"@id\":\"https:\\\/\\\/clinicadrrull.com\\\/team\\\/marta-perez-rodenas\\\/#primaryimage\"},\"image\":{\"@id\":\"https:\\\/\\\/clinicadrrull.com\\\/team\\\/marta-perez-rodenas\\\/#primaryimage\"},\"thumbnailUrl\":\"https:\\\/\\\/clinicadrrull.com\\\/wp-content\\\/uploads\\\/2019\\\/08\\\/Marta-Perez.jpg\",\"datePublished\":\"2022-05-10T20:29:26+00:00\",\"dateModified\":\"2022-05-10T20:42:35+00:00\",\"breadcrumb\":{\"@id\":\"https:\\\/\\\/clinicadrrull.com\\\/team\\\/marta-perez-rodenas\\\/#breadcrumb\"},\"inLanguage\":\"en-US\",\"potentialAction\":[{\"@type\":\"ReadAction\",\"target\":[\"https:\\\/\\\/clinicadrrull.com\\\/team\\\/marta-perez-rodenas\\\/\"]}]},{\"@type\":\"ImageObject\",\"inLanguage\":\"en-US\",\"@id\":\"https:\\\/\\\/clinicadrrull.com\\\/team\\\/marta-perez-rodenas\\\/#primaryimage\",\"url\":\"https:\\\/\\\/clinicadrrull.com\\\/wp-content\\\/uploads\\\/2019\\\/08\\\/Marta-Perez.jpg\",\"contentUrl\":\"https:\\\/\\\/clinicadrrull.com\\\/wp-content\\\/uploads\\\/2019\\\/08\\\/Marta-Perez.jpg\",\"width\":1080,\"height\":1080},{\"@type\":\"BreadcrumbList\",\"@id\":\"https:\\\/\\\/clinicadrrull.com\\\/team\\\/marta-perez-rodenas\\\/#breadcrumb\",\"itemListElement\":[{\"@type\":\"ListItem\",\"position\":1,\"name\":\"Portada\",\"item\":\"https:\\\/\\\/clinicadrrull.com\\\/en\\\/home-2024-2\\\/\"},{\"@type\":\"ListItem\",\"position\":2,\"name\":\"Team\",\"item\":\"https:\\\/\\\/clinicadrrull.com\\\/team\\\/\"},{\"@type\":\"ListItem\",\"position\":3,\"name\":\"Marta Perez R\u00f3denas\"}]},{\"@type\":\"WebSite\",\"@id\":\"https:\\\/\\\/clinicadrrull.com\\\/#website\",\"url\":\"https:\\\/\\\/clinicadrrull.com\\\/\",\"name\":\"Cl\u00ednica Dr. Rull\",\"description\":\"Tu cl\u00ednica dental y centro m\u00e9dico de confianza en Ibiza\",\"potentialAction\":[{\"@type\":\"SearchAction\",\"target\":{\"@type\":\"EntryPoint\",\"urlTemplate\":\"https:\\\/\\\/clinicadrrull.com\\\/?s={search_term_string}\"},\"query-input\":{\"@type\":\"PropertyValueSpecification\",\"valueRequired\":true,\"valueName\":\"search_term_string\"}}],\"inLanguage\":\"en-US\"}]}<\/script>\n<!-- \/ Yoast SEO plugin. -->","yoast_head_json":{"title":"Marta Perez R\u00f3denas - Cl\u00ednica Dr. Rull","robots":{"index":"index","follow":"follow","max-snippet":"max-snippet:-1","max-image-preview":"max-image-preview:large","max-video-preview":"max-video-preview:-1"},"canonical":"https:\/\/clinicadrrull.com\/team\/marta-perez-rodenas\/","og_locale":"en_US","og_type":"article","og_title":"Marta Perez R\u00f3denas - Cl\u00ednica Dr. Rull","og_description":"La doctora Marta P\u00e9rez Rodenas es \u00abLicenciada en Odontolog\u00eda\u00bb por la Universitat de Valencia desde el a\u00f1o 2009. Ha trabajado en distintas especialidades durante sus primeros a\u00f1os de profesi\u00f3n, tanto en paciente adulto, como en paciente pedi\u00e1trico. Estos \u00faltimos a\u00f1os ha decidido dedicarse por completo al paciente infantil, su mayor vocaci\u00f3n, para poder ofrecer un [&hellip;]","og_url":"https:\/\/clinicadrrull.com\/team\/marta-perez-rodenas\/","og_site_name":"Cl\u00ednica Dr. Rull","article_modified_time":"2022-05-10T20:42:35+00:00","og_image":[{"width":1080,"height":1080,"url":"https:\/\/clinicadrrull.com\/wp-content\/uploads\/2019\/08\/Marta-Perez.jpg","type":"image\/jpeg"}],"twitter_card":"summary_large_image","twitter_misc":{"Est. reading time":"1 minute"},"schema":{"@context":"https:\/\/schema.org","@graph":[{"@type":"WebPage","@id":"https:\/\/clinicadrrull.com\/team\/marta-perez-rodenas\/","url":"https:\/\/clinicadrrull.com\/team\/marta-perez-rodenas\/","name":"Marta Perez R\u00f3denas - Cl\u00ednica Dr. Rull","isPartOf":{"@id":"https:\/\/clinicadrrull.com\/#website"},"primaryImageOfPage":{"@id":"https:\/\/clinicadrrull.com\/team\/marta-perez-rodenas\/#primaryimage"},"image":{"@id":"https:\/\/clinicadrrull.com\/team\/marta-perez-rodenas\/#primaryimage"},"thumbnailUrl":"https:\/\/clinicadrrull.com\/wp-content\/uploads\/2019\/08\/Marta-Perez.jpg","datePublished":"2022-05-10T20:29:26+00:00","dateModified":"2022-05-10T20:42:35+00:00","breadcrumb":{"@id":"https:\/\/clinicadrrull.com\/team\/marta-perez-rodenas\/#breadcrumb"},"inLanguage":"en-US","potentialAction":[{"@type":"ReadAction","target":["https:\/\/clinicadrrull.com\/team\/marta-perez-rodenas\/"]}]},{"@type":"ImageObject","inLanguage":"en-US","@id":"https:\/\/clinicadrrull.com\/team\/marta-perez-rodenas\/#primaryimage","url":"https:\/\/clinicadrrull.com\/wp-content\/uploads\/2019\/08\/Marta-Perez.jpg","contentUrl":"https:\/\/clinicadrrull.com\/wp-content\/uploads\/2019\/08\/Marta-Perez.jpg","width":1080,"height":1080},{"@type":"BreadcrumbList","@id":"https:\/\/clinicadrrull.com\/team\/marta-perez-rodenas\/#breadcrumb","itemListElement":[{"@type":"ListItem","position":1,"name":"Portada","item":"https:\/\/clinicadrrull.com\/en\/home-2024-2\/"},{"@type":"ListItem","position":2,"name":"Team","item":"https:\/\/clinicadrrull.com\/team\/"},{"@type":"ListItem","position":3,"name":"Marta Perez R\u00f3denas"}]},{"@type":"WebSite","@id":"https:\/\/clinicadrrull.com\/#website","url":"https:\/\/clinicadrrull.com\/","name":"Cl\u00ednica Dr. Rull","description":"Tu cl\u00ednica dental y centro m\u00e9dico de confianza en Ibiza","potentialAction":[{"@type":"SearchAction","target":{"@type":"EntryPoint","urlTemplate":"https:\/\/clinicadrrull.com\/?s={search_term_string}"},"query-input":{"@type":"PropertyValueSpecification","valueRequired":true,"valueName":"search_term_string"}}],"inLanguage":"en-US"}]}},"_links":{"self":[{"href":"https:\/\/clinicadrrull.com\/en\/wp-json\/wp\/v2\/team\/4830","targetHints":{"allow":["GET"]}}],"collection":[{"href":"https:\/\/clinicadrrull.com\/en\/wp-json\/wp\/v2\/team"}],"about":[{"href":"https:\/\/clinicadrrull.com\/en\/wp-json\/wp\/v2\/types\/team"}],"version-history":[{"count":0,"href":"https:\/\/clinicadrrull.com\/en\/wp-json\/wp\/v2\/team\/4830\/revisions"}],"wp:featuredmedia":[{"embeddable":true,"href":"https:\/\/clinicadrrull.com\/en\/wp-json\/wp\/v2\/media\/3596"}],"wp:attachment":[{"href":"https:\/\/clinicadrrull.com\/en\/wp-json\/wp\/v2\/media?parent=4830"}],"wp:term":[{"taxonomy":"team_category","embeddable":true,"href":"https:\/\/clinicadrrull.com\/en\/wp-json\/wp\/v2\/team_category?post=4830"}],"curies":[{"name":"wp","href":"https:\/\/api.w.org\/{rel}","templated":true}]}}